{"id":40213,"date":"2023-10-02T14:20:29","date_gmt":"2023-10-02T12:20:29","guid":{"rendered":"https:\/\/info.openlane.eu\/company-information\/media-centre\/%media-centre-category%\/david-van-horenbeeck-appointed-country-manager-at-adesa-belgium\/"},"modified":"2024-12-02T13:23:59","modified_gmt":"2024-12-02T12:23:59","slug":"david-van-horenbeeck-appointed-country-manager-at-adesa-belgium","status":"publish","type":"media-centre","link":"https:\/\/info.openlane.eu\/fr-be\/company-information\/media-centre\/press-release\/david-van-horenbeeck-appointed-country-manager-at-adesa-belgium\/","title":{"rendered":"David Van Horenbeeck nomm\u00e9 directeur national chez ADESA Belgium"},"content":{"rendered":"<section class=\"l-section wpb_row height_medium\"><div class=\"l-section-h i-cf\"><div class=\"g-cols vc_row via_grid cols_1 laptops-cols_inherit tablets-cols_inherit mobiles-cols_1 valign_top type_default stacking_default\"><div class=\"wpb_column vc_column_container\"><div class=\"vc_column-inner\"><div class=\"g-cols wpb_row via_grid cols_1 laptops-cols_inherit tablets-cols_inherit mobiles-cols_1 valign_top type_default stacking_default\" style=\"--columns-gap:3rem;\"><div class=\"wpb_column vc_column_container\"><div class=\"vc_column-inner\"><div class=\"wpb_text_column\"><div class=\"wpb_wrapper\"><h1>David Van Horenbeeck nomm\u00e9 directeur national chez ADESA Belgium<\/h1>\n<\/div><\/div><div class=\"w-separator size_custom\" style=\"height:1rem\"><\/div><time class=\"w-post-elm post_date us_custom_d8432ea1 has_text_color entry-date published\" datetime=\"2023-10-02T14:20:29+02:00\" itemprop=\"datePublished\"><i class=\"far fa-clock\"><\/i>02 Oct 2023<\/time><\/div><\/div><\/div><div class=\"w-separator size_medium\"><\/div><div class=\"g-cols wpb_row via_grid cols_1 laptops-cols_inherit tablets-cols_inherit mobiles-cols_1 valign_top type_default stacking_default\" style=\"--columns-gap:3rem;\"><div class=\"wpb_column vc_column_container\"><div class=\"vc_column-inner\"><div class=\"wpb_text_column\"><div class=\"wpb_wrapper\"><p> <strong>ADESA Europe, une filiale d\u2019OPENLANE, a le plaisir d\u2019annoncer la nomination de David Van Horenbeeck au poste de directeur national chez ADESA Belgium. Van Horenbeeck sera charg\u00e9 de diriger les activit\u00e9s de l\u2019entreprise en Belgique, notamment d\u2019\u00e9tablir des relations avec les clients, de r\u00e9pondre \u00e0 leurs besoins et de faire progresser les plans de croissance de la plateforme de vente aux ench\u00e8res de voitures en ligne.<\/strong><\/p>\n<\/div><\/div><\/div><\/div><\/div><div class=\"w-separator size_medium\"><\/div><div class=\"g-cols wpb_row via_grid cols_1 laptops-cols_inherit tablets-cols_inherit mobiles-cols_1 valign_top type_default stacking_default\" style=\"--columns-gap:3rem;\"><div class=\"wpb_column vc_column_container\"><div class=\"vc_column-inner\"><div class=\"wpb_text_column\"><div class=\"wpb_wrapper\"><p>M. Van Horenbeeck succ\u00e8de \u00e0 M. Pieter Behets qui a assur\u00e9 l\u2019int\u00e9rim du directeur national Belgique depuis janvier 2022 et a particip\u00e9 \u00e0 la construction d\u2019ADESA Belgium au cours des 15 derni\u00e8res ann\u00e9es. M. Behets a d\u00e9clar\u00e9\u00a0: \u00ab\u00a0Je suis extr\u00eamement fier des r\u00e9sultats de notre \u00e9quipe et de la mani\u00e8re dont nous avons, ensemble, men\u00e9 notre entreprise au sommet. Je suis convaincu que David, avec son exp\u00e9rience et sa connaissance approfondie du march\u00e9, est la personne id\u00e9ale pour maximiser le potentiel d\u2019ADESA en tant que leader du march\u00e9 en Belgique. Nous continuerons \u00e0 cr\u00e9er de nouvelles opportunit\u00e9s dans tous les secteurs et \u00e0 offrir la m\u00eame qualit\u00e9 \u00e0 nos partenaires actuels et futurs.\u00a0\u00bb M. Van Horenbeeck a rejoint ADESA Belgique en tant que directeur des op\u00e9rations en mai 2021 et apporte plus de vingt ans d\u2019exp\u00e9rience dans l\u2019industrie. Auparavant, il a occup\u00e9 le poste de directeur du remarketing Belgique chez International Car Lease Holding et a travaill\u00e9 dans le secteur du leasing et de la gestion de flotte. M. Van Horenbeeck d\u00e9clare\u00a0: \u00ab\u00a0Je suis tr\u00e8s enthousiaste \u00e0 l\u2019id\u00e9e de cette nouvelle aventure et je me r\u00e9jouis des nombreuses opportunit\u00e9s qui s\u2019offrent \u00e0 nous. ADESA est un partenaire solide dans la vente en ligne de v\u00e9hicules d\u2019occasion pour le commerce automobile, et nous sommes bien positionn\u00e9s pour poursuivre notre croissance dans les ann\u00e9es \u00e0 venir. Nous restons d\u00e9termin\u00e9s \u00e0 poursuivre l\u2019optimisation de nos processus et \u00e0 fournir le meilleur service possible \u00e0 nos clients. Le fait de pouvoir compter sur une \u00e9quipe bien rod\u00e9e et d\u00e9vou\u00e9e depuis tant d\u2019ann\u00e9es \u00e0 nos partenaires me donne tous les jours l\u2019envie d\u2019aller encore plus loin.\u00a0\u00bb<\/p>\n<\/div><\/div><\/div><\/div><\/div><div class=\"w-separator size_medium\"><\/div><div class=\"g-cols wpb_row via_grid cols_1 laptops-cols_inherit tablets-cols_inherit mobiles-cols_1 valign_top type_default stacking_default\" style=\"--columns-gap:3rem;\"><div class=\"wpb_column vc_column_container\"><div class=\"vc_column-inner\"><div class=\"wpb_text_column\"><div class=\"wpb_wrapper\"><\/p>\n<h2>\u00c0 propos d\u2019ADESA Europe<\/h2>\n<p> ADESA Europe NV, bas\u00e9e en Belgique, est une unit\u00e9 commerciale d\u2019OPENLANE (NYSE\u00a0: KAR), un fournisseur mondial de solutions technologiques et de remarketing de v\u00e9hicules. De par ses activit\u00e9s de vente en Belgique, en France, en Allemagne, en Italie, aux Pays-Bas, en Espagne et au Royaume-Uni, ADESA Europe relie de mani\u00e8re transparente les \u00e9quipementiers, les propri\u00e9taires de flottes, les grossistes et les concessionnaires aux acheteurs dans plus de 50 pays d\u2019Europe gr\u00e2ce \u00e0 son puissant march\u00e9 de vente en gros de v\u00e9hicules en ligne, <span><a href=\"https:\/\/www.adesa.eu\/en\/home\">www.adesa.eu<\/a><\/span>.<\/p>\n<\/div><\/div><\/div><\/div><\/div><div class=\"w-separator size_medium\"><\/div><div class=\"g-cols wpb_row via_grid cols_1 laptops-cols_inherit tablets-cols_inherit mobiles-cols_1 valign_top type_default stacking_default\" style=\"--columns-gap:3rem;\"><div class=\"wpb_column vc_column_container\"><div class=\"vc_column-inner\"><div class=\"wpb_text_column\"><div class=\"wpb_wrapper\"><\/p>\n<h2>\u00c0 propos d\u2019OPENLANE<\/h2>\n<p> OPENLANE, Inc. (NYSE\u00a0: KAR), fournit des solutions de remarketing innovantes et ax\u00e9es sur la technologie aux vendeurs et aux acheteurs de l\u2019industrie mondiale de la vente en gros de v\u00e9hicules d\u2019occasion. La plateforme unique de bout en bout de l\u2019entreprise couvre la totalit\u00e9 des services concernant la voiture, le financement, la logistique et autres services annexes. Nos march\u00e9s int\u00e9gr\u00e9s r\u00e9duisent les risques, am\u00e9liorent la transparence et rationalisent les transactions pour nos clients dans le monde entier. Bas\u00e9e \u00e0 Carmel, dans l\u2019Indiana, la soci\u00e9t\u00e9 regroupe des employ\u00e9s aux \u00c9tats-Unis, au Canada, en Europe, en Uruguay et aux Philippines. Pour plus d\u2019informations et pour conna\u00eetre les derni\u00e8res nouvelles de l\u2019entreprise, rendez-vous sur <span><a href=\"https:\/\/corporate.openlane.com\/\">corporate.openlane.com<\/a><\/span>.<\/p>\n<\/div><\/div><\/div><\/div><\/div><\/div><\/div><\/div><\/div><\/section>\n","protected":false},"excerpt":{"rendered":"<p>ADESA Europe, une filiale d\u2019OPENLANE, a le plaisir d\u2019annoncer la nomination de David Van Horenbeeck au poste de directeur national chez ADESA Belgique. Van Horenbeeck sera charg\u00e9 de diriger les activit\u00e9s de l\u2019entreprise en Belgique, notamment d\u2019\u00e9tablir des relations avec les clients, de r\u00e9pondre \u00e0 leurs besoins et de faire progresser les plans de croissance de la plateforme de vente aux ench\u00e8res de voitures en ligne.<\/p>\n","protected":false},"author":3,"featured_media":39655,"template":"","meta":{"_acf_changed":false,"footnotes":""},"media-centre-category":[901],"class_list":["post-40213","media-centre","type-media-centre","status-publish","has-post-thumbnail","hentry","media-centre-category-press-release"],"acf":[],"yoast_head":"<!-- This site is optimized with the Yoast SEO Premium plugin v26.9 (Yoast SEO v27.4) - https:\/\/yoast.com\/product\/yoast-seo-premium-wordpress\/ -->\n<title>David Van Horenbeeck nomm\u00e9 directeur national | OPENLANE<\/title>\n<meta name=\"description\" content=\"ADESA Europe, une filiale d\u2019OPENLANE, a le plaisir d\u2019annoncer la nomination de David Van Horenbeeck au poste de directeur national chez ADESA Belgique.\" \/>\n<meta name=\"robots\" content=\"index, follow, max-snippet:-1, max-image-preview:large, max-video-preview:-1\" \/>\n<link rel=\"canonical\" href=\"https:\/\/info.openlane.eu\/fr-be\/company-information\/media-centre\/press-release\/david-van-horenbeeck-appointed-country-manager-at-adesa-belgium\/\" \/>\n<meta property=\"og:locale\" content=\"fr_FR\" \/>\n<meta property=\"og:type\" content=\"article\" \/>\n<meta property=\"og:title\" content=\"David Van Horenbeeck nomm\u00e9 directeur national chez ADESA Belgium\" \/>\n<meta property=\"og:description\" content=\"ADESA Europe, une filiale d\u2019OPENLANE, a le plaisir d\u2019annoncer la nomination de David Van Horenbeeck au poste de directeur national chez ADESA Belgique.\" \/>\n<meta property=\"og:url\" content=\"https:\/\/info.openlane.eu\/fr-be\/company-information\/media-centre\/press-release\/david-van-horenbeeck-appointed-country-manager-at-adesa-belgium\/\" \/>\n<meta property=\"og:site_name\" content=\"OPENLANE\" \/>\n<meta property=\"article:publisher\" content=\"https:\/\/www.facebook.com\/OPENLANE.Europe\" \/>\n<meta property=\"article:modified_time\" content=\"2024-12-02T12:23:59+00:00\" \/>\n<meta property=\"og:image\" content=\"https:\/\/info.openlane.eu\/wp-content\/uploads\/2024\/12\/David-Van-Horenbeeck.png\" \/>\n\t<meta property=\"og:image:width\" content=\"1000\" \/>\n\t<meta property=\"og:image:height\" content=\"750\" \/>\n\t<meta property=\"og:image:type\" content=\"image\/png\" \/>\n<meta name=\"twitter:card\" content=\"summary_large_image\" \/>\n<meta name=\"twitter:site\" content=\"@OPENLANE_Europe\" \/>\n<meta name=\"twitter:label1\" content=\"Dur\u00e9e de lecture est.\" \/>\n\t<meta name=\"twitter:data1\" content=\"4 minutes\" \/>\n<script type=\"application\/ld+json\" class=\"yoast-schema-graph\">{\"@context\":\"https:\\\/\\\/schema.org\",\"@graph\":[{\"@type\":\"WebPage\",\"@id\":\"https:\\\/\\\/info.openlane.eu\\\/fr-be\\\/company-information\\\/media-centre\\\/press-release\\\/david-van-horenbeeck-appointed-country-manager-at-adesa-belgium\\\/\",\"url\":\"https:\\\/\\\/info.openlane.eu\\\/fr-be\\\/company-information\\\/media-centre\\\/press-release\\\/david-van-horenbeeck-appointed-country-manager-at-adesa-belgium\\\/\",\"name\":\"David Van Horenbeeck nomm\u00e9 directeur national | OPENLANE\",\"isPartOf\":{\"@id\":\"https:\\\/\\\/info.openlane.eu\\\/fr-be\\\/#website\"},\"primaryImageOfPage\":{\"@id\":\"https:\\\/\\\/info.openlane.eu\\\/fr-be\\\/company-information\\\/media-centre\\\/press-release\\\/david-van-horenbeeck-appointed-country-manager-at-adesa-belgium\\\/#primaryimage\"},\"image\":{\"@id\":\"https:\\\/\\\/info.openlane.eu\\\/fr-be\\\/company-information\\\/media-centre\\\/press-release\\\/david-van-horenbeeck-appointed-country-manager-at-adesa-belgium\\\/#primaryimage\"},\"thumbnailUrl\":\"https:\\\/\\\/info.openlane.eu\\\/wp-content\\\/uploads\\\/2024\\\/12\\\/David-Van-Horenbeeck.png\",\"datePublished\":\"2023-10-02T12:20:29+00:00\",\"dateModified\":\"2024-12-02T12:23:59+00:00\",\"description\":\"ADESA Europe, une filiale d\u2019OPENLANE, a le plaisir d\u2019annoncer la nomination de David Van Horenbeeck au poste de directeur national chez ADESA Belgique.\",\"breadcrumb\":{\"@id\":\"https:\\\/\\\/info.openlane.eu\\\/fr-be\\\/company-information\\\/media-centre\\\/press-release\\\/david-van-horenbeeck-appointed-country-manager-at-adesa-belgium\\\/#breadcrumb\"},\"inLanguage\":\"fr-BE\",\"potentialAction\":[{\"@type\":\"ReadAction\",\"target\":[\"https:\\\/\\\/info.openlane.eu\\\/fr-be\\\/company-information\\\/media-centre\\\/press-release\\\/david-van-horenbeeck-appointed-country-manager-at-adesa-belgium\\\/\"]}]},{\"@type\":\"ImageObject\",\"inLanguage\":\"fr-BE\",\"@id\":\"https:\\\/\\\/info.openlane.eu\\\/fr-be\\\/company-information\\\/media-centre\\\/press-release\\\/david-van-horenbeeck-appointed-country-manager-at-adesa-belgium\\\/#primaryimage\",\"url\":\"https:\\\/\\\/info.openlane.eu\\\/wp-content\\\/uploads\\\/2024\\\/12\\\/David-Van-Horenbeeck.png\",\"contentUrl\":\"https:\\\/\\\/info.openlane.eu\\\/wp-content\\\/uploads\\\/2024\\\/12\\\/David-Van-Horenbeeck.png\",\"width\":1000,\"height\":750},{\"@type\":\"BreadcrumbList\",\"@id\":\"https:\\\/\\\/info.openlane.eu\\\/fr-be\\\/company-information\\\/media-centre\\\/press-release\\\/david-van-horenbeeck-appointed-country-manager-at-adesa-belgium\\\/#breadcrumb\",\"itemListElement\":[{\"@type\":\"ListItem\",\"position\":1,\"name\":\"Home\",\"item\":\"https:\\\/\\\/info.openlane.eu\\\/fr-be\\\/\"},{\"@type\":\"ListItem\",\"position\":2,\"name\":\"David Van Horenbeeck nomm\u00e9 directeur national chez ADESA Belgium\"}]},{\"@type\":\"WebSite\",\"@id\":\"https:\\\/\\\/info.openlane.eu\\\/fr-be\\\/#website\",\"url\":\"https:\\\/\\\/info.openlane.eu\\\/fr-be\\\/\",\"name\":\"OPENLANE\",\"description\":\"Online used car auction website\",\"publisher\":{\"@id\":\"https:\\\/\\\/info.openlane.eu\\\/fr-be\\\/#organization\"},\"potentialAction\":[{\"@type\":\"SearchAction\",\"target\":{\"@type\":\"EntryPoint\",\"urlTemplate\":\"https:\\\/\\\/info.openlane.eu\\\/fr-be\\\/?s={search_term_string}\"},\"query-input\":{\"@type\":\"PropertyValueSpecification\",\"valueRequired\":true,\"valueName\":\"search_term_string\"}}],\"inLanguage\":\"fr-BE\"},{\"@type\":\"Organization\",\"@id\":\"https:\\\/\\\/info.openlane.eu\\\/fr-be\\\/#organization\",\"name\":\"OPENLANE\",\"url\":\"https:\\\/\\\/info.openlane.eu\\\/fr-be\\\/\",\"logo\":{\"@type\":\"ImageObject\",\"inLanguage\":\"fr-BE\",\"@id\":\"https:\\\/\\\/info.openlane.eu\\\/fr-be\\\/#\\\/schema\\\/logo\\\/image\\\/\",\"url\":\"https:\\\/\\\/info.openlane.eu\\\/wp-content\\\/uploads\\\/2025\\\/12\\\/openlane-RGB-on-Wht.png\",\"contentUrl\":\"https:\\\/\\\/info.openlane.eu\\\/wp-content\\\/uploads\\\/2025\\\/12\\\/openlane-RGB-on-Wht.png\",\"width\":615,\"height\":159,\"caption\":\"OPENLANE\"},\"image\":{\"@id\":\"https:\\\/\\\/info.openlane.eu\\\/fr-be\\\/#\\\/schema\\\/logo\\\/image\\\/\"},\"sameAs\":[\"https:\\\/\\\/www.facebook.com\\\/OPENLANE.Europe\",\"https:\\\/\\\/x.com\\\/OPENLANE_Europe\",\"https:\\\/\\\/www.linkedin.com\\\/company\\\/openlane-europe\",\"https:\\\/\\\/www.instagram.com\\\/openlane_europe\\\/\"],\"description\":\"Our purpose is to make used car wholesale easy so our customers can be more successful. We sell high-quality second-hand vehicles exclusively and directly to car dealers and traders. All cars come with quality car descriptions and inspections. Our digital marketplace is the fresh wave carrying the automotive industry into the digital age. We give car traders more opportunities, more flexibility and more freedom than can be found anywhere else. Our strong commitment to quality and service drives us to continuously improve our offerings to suit the industry\u2019s ever-evolving needs. We aim to be the best and we strive to help our customers do the same. With flexible, modular and end-to-end remarketing solutions, and customer service in more than 20 languages, we offer innovative, tech-driven solutions and services that help customers to buy and sell with ease across Europe.\",\"email\":\"info@openlane.eu\",\"telephone\":\"+32 (0)16 38 00 68\",\"legalName\":\"OPENLANE Europe NV\",\"vatID\":\"BE0867129223\",\"numberOfEmployees\":{\"@type\":\"QuantitativeValue\",\"minValue\":\"201\",\"maxValue\":\"500\"}}]}<\/script>\n<!-- \/ Yoast SEO Premium plugin. -->","yoast_head_json":{"title":"David Van Horenbeeck nomm\u00e9 directeur national | OPENLANE","description":"ADESA Europe, une filiale d\u2019OPENLANE, a le plaisir d\u2019annoncer la nomination de David Van Horenbeeck au poste de directeur national chez ADESA Belgique.","robots":{"index":"index","follow":"follow","max-snippet":"max-snippet:-1","max-image-preview":"max-image-preview:large","max-video-preview":"max-video-preview:-1"},"canonical":"https:\/\/info.openlane.eu\/fr-be\/company-information\/media-centre\/press-release\/david-van-horenbeeck-appointed-country-manager-at-adesa-belgium\/","og_locale":"fr_FR","og_type":"article","og_title":"David Van Horenbeeck nomm\u00e9 directeur national chez ADESA Belgium","og_description":"ADESA Europe, une filiale d\u2019OPENLANE, a le plaisir d\u2019annoncer la nomination de David Van Horenbeeck au poste de directeur national chez ADESA Belgique.","og_url":"https:\/\/info.openlane.eu\/fr-be\/company-information\/media-centre\/press-release\/david-van-horenbeeck-appointed-country-manager-at-adesa-belgium\/","og_site_name":"OPENLANE","article_publisher":"https:\/\/www.facebook.com\/OPENLANE.Europe","article_modified_time":"2024-12-02T12:23:59+00:00","og_image":[{"width":1000,"height":750,"url":"https:\/\/info.openlane.eu\/wp-content\/uploads\/2024\/12\/David-Van-Horenbeeck.png","type":"image\/png"}],"twitter_card":"summary_large_image","twitter_site":"@OPENLANE_Europe","twitter_misc":{"Dur\u00e9e de lecture est.":"4 minutes"},"schema":{"@context":"https:\/\/schema.org","@graph":[{"@type":"WebPage","@id":"https:\/\/info.openlane.eu\/fr-be\/company-information\/media-centre\/press-release\/david-van-horenbeeck-appointed-country-manager-at-adesa-belgium\/","url":"https:\/\/info.openlane.eu\/fr-be\/company-information\/media-centre\/press-release\/david-van-horenbeeck-appointed-country-manager-at-adesa-belgium\/","name":"David Van Horenbeeck nomm\u00e9 directeur national | OPENLANE","isPartOf":{"@id":"https:\/\/info.openlane.eu\/fr-be\/#website"},"primaryImageOfPage":{"@id":"https:\/\/info.openlane.eu\/fr-be\/company-information\/media-centre\/press-release\/david-van-horenbeeck-appointed-country-manager-at-adesa-belgium\/#primaryimage"},"image":{"@id":"https:\/\/info.openlane.eu\/fr-be\/company-information\/media-centre\/press-release\/david-van-horenbeeck-appointed-country-manager-at-adesa-belgium\/#primaryimage"},"thumbnailUrl":"https:\/\/info.openlane.eu\/wp-content\/uploads\/2024\/12\/David-Van-Horenbeeck.png","datePublished":"2023-10-02T12:20:29+00:00","dateModified":"2024-12-02T12:23:59+00:00","description":"ADESA Europe, une filiale d\u2019OPENLANE, a le plaisir d\u2019annoncer la nomination de David Van Horenbeeck au poste de directeur national chez ADESA Belgique.","breadcrumb":{"@id":"https:\/\/info.openlane.eu\/fr-be\/company-information\/media-centre\/press-release\/david-van-horenbeeck-appointed-country-manager-at-adesa-belgium\/#breadcrumb"},"inLanguage":"fr-BE","potentialAction":[{"@type":"ReadAction","target":["https:\/\/info.openlane.eu\/fr-be\/company-information\/media-centre\/press-release\/david-van-horenbeeck-appointed-country-manager-at-adesa-belgium\/"]}]},{"@type":"ImageObject","inLanguage":"fr-BE","@id":"https:\/\/info.openlane.eu\/fr-be\/company-information\/media-centre\/press-release\/david-van-horenbeeck-appointed-country-manager-at-adesa-belgium\/#primaryimage","url":"https:\/\/info.openlane.eu\/wp-content\/uploads\/2024\/12\/David-Van-Horenbeeck.png","contentUrl":"https:\/\/info.openlane.eu\/wp-content\/uploads\/2024\/12\/David-Van-Horenbeeck.png","width":1000,"height":750},{"@type":"BreadcrumbList","@id":"https:\/\/info.openlane.eu\/fr-be\/company-information\/media-centre\/press-release\/david-van-horenbeeck-appointed-country-manager-at-adesa-belgium\/#breadcrumb","itemListElement":[{"@type":"ListItem","position":1,"name":"Home","item":"https:\/\/info.openlane.eu\/fr-be\/"},{"@type":"ListItem","position":2,"name":"David Van Horenbeeck nomm\u00e9 directeur national chez ADESA Belgium"}]},{"@type":"WebSite","@id":"https:\/\/info.openlane.eu\/fr-be\/#website","url":"https:\/\/info.openlane.eu\/fr-be\/","name":"OPENLANE","description":"Online used car auction website","publisher":{"@id":"https:\/\/info.openlane.eu\/fr-be\/#organization"},"potentialAction":[{"@type":"SearchAction","target":{"@type":"EntryPoint","urlTemplate":"https:\/\/info.openlane.eu\/fr-be\/?s={search_term_string}"},"query-input":{"@type":"PropertyValueSpecification","valueRequired":true,"valueName":"search_term_string"}}],"inLanguage":"fr-BE"},{"@type":"Organization","@id":"https:\/\/info.openlane.eu\/fr-be\/#organization","name":"OPENLANE","url":"https:\/\/info.openlane.eu\/fr-be\/","logo":{"@type":"ImageObject","inLanguage":"fr-BE","@id":"https:\/\/info.openlane.eu\/fr-be\/#\/schema\/logo\/image\/","url":"https:\/\/info.openlane.eu\/wp-content\/uploads\/2025\/12\/openlane-RGB-on-Wht.png","contentUrl":"https:\/\/info.openlane.eu\/wp-content\/uploads\/2025\/12\/openlane-RGB-on-Wht.png","width":615,"height":159,"caption":"OPENLANE"},"image":{"@id":"https:\/\/info.openlane.eu\/fr-be\/#\/schema\/logo\/image\/"},"sameAs":["https:\/\/www.facebook.com\/OPENLANE.Europe","https:\/\/x.com\/OPENLANE_Europe","https:\/\/www.linkedin.com\/company\/openlane-europe","https:\/\/www.instagram.com\/openlane_europe\/"],"description":"Our purpose is to make used car wholesale easy so our customers can be more successful. We sell high-quality second-hand vehicles exclusively and directly to car dealers and traders. All cars come with quality car descriptions and inspections. Our digital marketplace is the fresh wave carrying the automotive industry into the digital age. We give car traders more opportunities, more flexibility and more freedom than can be found anywhere else. Our strong commitment to quality and service drives us to continuously improve our offerings to suit the industry\u2019s ever-evolving needs. We aim to be the best and we strive to help our customers do the same. With flexible, modular and end-to-end remarketing solutions, and customer service in more than 20 languages, we offer innovative, tech-driven solutions and services that help customers to buy and sell with ease across Europe.","email":"info@openlane.eu","telephone":"+32 (0)16 38 00 68","legalName":"OPENLANE Europe NV","vatID":"BE0867129223","numberOfEmployees":{"@type":"QuantitativeValue","minValue":"201","maxValue":"500"}}]}},"_links":{"self":[{"href":"https:\/\/info.openlane.eu\/fr-be\/wp-json\/wp\/v2\/media-centre\/40213","targetHints":{"allow":["GET"]}}],"collection":[{"href":"https:\/\/info.openlane.eu\/fr-be\/wp-json\/wp\/v2\/media-centre"}],"about":[{"href":"https:\/\/info.openlane.eu\/fr-be\/wp-json\/wp\/v2\/types\/media-centre"}],"author":[{"embeddable":true,"href":"https:\/\/info.openlane.eu\/fr-be\/wp-json\/wp\/v2\/users\/3"}],"version-history":[{"count":1,"href":"https:\/\/info.openlane.eu\/fr-be\/wp-json\/wp\/v2\/media-centre\/40213\/revisions"}],"predecessor-version":[{"id":40234,"href":"https:\/\/info.openlane.eu\/fr-be\/wp-json\/wp\/v2\/media-centre\/40213\/revisions\/40234"}],"wp:featuredmedia":[{"embeddable":true,"href":"https:\/\/info.openlane.eu\/fr-be\/wp-json\/wp\/v2\/media\/39655"}],"wp:attachment":[{"href":"https:\/\/info.openlane.eu\/fr-be\/wp-json\/wp\/v2\/media?parent=40213"}],"wp:term":[{"taxonomy":"media-centre-category","embeddable":true,"href":"https:\/\/info.openlane.eu\/fr-be\/wp-json\/wp\/v2\/media-centre-category?post=40213"}],"curies":[{"name":"wp","href":"https:\/\/api.w.org\/{rel}","templated":true}]}}